{"id":7803,"date":"2020-12-14T18:21:09","date_gmt":"2020-12-14T18:21:09","guid":{"rendered":"https:\/\/test-web-rafc.connectus.es\/enlaces-de-interes"},"modified":"2021-01-28T23:07:16","modified_gmt":"2021-01-28T23:07:16","slug":"enlaces-de-interes","status":"publish","type":"page","link":"https:\/\/rafc.cat\/es\/enlaces-de-interes\/","title":{"rendered":"Enlaces de Inter\u00e9s"},"content":{"rendered":"\t\t<div data-elementor-type=\"wp-page\" data-elementor-id=\"7803\" class=\"elementor elementor-7803 elementor-4773\" data-elementor-post-type=\"page\">\n\t\t\t\t\t\t<section class=\"elementor-section elementor-top-section elementor-element elementor-element-4b7a3ebc elementor-section-stretched elementor-section-full_width elementor-section-height-default elementor-section-height-default\" data-id=\"4b7a3ebc\" data-element_type=\"section\" data-settings=\"{&quot;stretch_section&quot;:&quot;section-stretched&quot;,&quot;background_background&quot;:&quot;classic&quot;}\">\n\t\t\t\t\t\t\t<div class=\"elementor-background-overlay\"><\/div>\n\t\t\t\t\t\t\t<div class=\"elementor-container elementor-column-gap-default\">\n\t\t\t\t\t<div class=\"elementor-column elementor-col-50 elementor-top-column elementor-element elementor-element-34069868 elementor-hidden-phone\" data-id=\"34069868\" data-element_type=\"column\">\n\t\t\t<div class=\"elementor-widget-wrap elementor-element-populated\">\n\t\t\t\t\t\t<div class=\"elementor-element elementor-element-6a35cdae elementor-mobile-align-left elementor-tablet-align-left elementor-widget elementor-widget-breadcrumbs\" data-id=\"6a35cdae\" data-element_type=\"widget\" data-settings=\"{&quot;sticky&quot;:&quot;top&quot;,&quot;sticky_on&quot;:[&quot;desktop&quot;,&quot;tablet&quot;,&quot;mobile&quot;],&quot;sticky_offset&quot;:0,&quot;sticky_effects_offset&quot;:0,&quot;sticky_anchor_link_offset&quot;:0}\" data-widget_type=\"breadcrumbs.default\">\n\t\t\t\t<div class=\"elementor-widget-container\">\n\t\t\t\t\t<p id=\"breadcrumbs\"><span><span><a href=\"https:\/\/rafc.cat\/es\/\">Inicio<\/a><\/span><\/span><\/p>\t\t\t\t<\/div>\n\t\t\t\t<\/div>\n\t\t\t\t\t<\/div>\n\t\t<\/div>\n\t\t\t\t<div class=\"elementor-column elementor-col-50 elementor-top-column elementor-element elementor-element-4a455b8a\" data-id=\"4a455b8a\" data-element_type=\"column\">\n\t\t\t<div class=\"elementor-widget-wrap\">\n\t\t\t\t\t\t\t<\/div>\n\t\t<\/div>\n\t\t\t\t\t<\/div>\n\t\t<\/section>\n\t\t\t\t<section class=\"elementor-section elementor-top-section elementor-element elementor-element-eb7e477 elementor-section-boxed elementor-section-height-default elementor-section-height-default\" data-id=\"eb7e477\" data-element_type=\"section\" data-settings=\"{&quot;background_background&quot;:&quot;classic&quot;}\">\n\t\t\t\t\t\t<div class=\"elementor-container elementor-column-gap-default\">\n\t\t\t\t\t<div class=\"elementor-column elementor-col-100 elementor-top-column elementor-element elementor-element-a817a20\" data-id=\"a817a20\" data-element_type=\"column\">\n\t\t\t<div class=\"elementor-widget-wrap elementor-element-populated\">\n\t\t\t\t\t\t<div class=\"elementor-element elementor-element-e90cb17 elementor-widget elementor-widget-spacer\" data-id=\"e90cb17\" data-element_type=\"widget\" data-widget_type=\"spacer.default\">\n\t\t\t\t<div class=\"elementor-widget-container\">\n\t\t\t\t\t\t\t<div class=\"elementor-spacer\">\n\t\t\t<div class=\"elementor-spacer-inner\"><\/div>\n\t\t<\/div>\n\t\t\t\t\t\t<\/div>\n\t\t\t\t<\/div>\n\t\t\t\t<div class=\"elementor-element elementor-element-56223f0 elementor-widget elementor-widget-heading\" data-id=\"56223f0\" data-element_type=\"widget\" data-widget_type=\"heading.default\">\n\t\t\t\t<div class=\"elementor-widget-container\">\n\t\t\t\t\t<h2 class=\"elementor-heading-title elementor-size-default\"><\/br>\nEnlaces de Inter\u00e9s<\/h2>\t\t\t\t<\/div>\n\t\t\t\t<\/div>\n\t\t\t\t<div class=\"elementor-element elementor-element-1f3a7c6 elementor-widget elementor-widget-text-editor\" data-id=\"1f3a7c6\" data-element_type=\"widget\" data-widget_type=\"text-editor.default\">\n\t\t\t\t<div class=\"elementor-widget-container\">\n\t\t\t\t\t\t\t\t\t<p>Academias del estado y el extranjero, as\u00ed como otros organismos\/entidades.<\/p>\n\t\t\t\t\t\t\t\t<\/div>\n\t\t\t\t<\/div>\n\t\t\t\t\t<\/div>\n\t\t<\/div>\n\t\t\t\t\t<\/div>\n\t\t<\/section>\n\t\t\t\t<section class=\"elementor-section elementor-top-section elementor-element elementor-element-b4a6f40 elementor-section-stretched elementor-section-full_width elementor-section-height-default elementor-section-height-default\" data-id=\"b4a6f40\" data-element_type=\"section\" data-settings=\"{&quot;stretch_section&quot;:&quot;section-stretched&quot;,&quot;background_background&quot;:&quot;classic&quot;}\">\n\t\t\t\t\t\t\t<div class=\"elementor-background-overlay\"><\/div>\n\t\t\t\t\t\t\t<div class=\"elementor-container elementor-column-gap-default\">\n\t\t\t\t\t<div class=\"elementor-column elementor-col-50 elementor-top-column elementor-element elementor-element-f02316b elementor-invisible\" data-id=\"f02316b\" data-element_type=\"column\" data-settings=\"{&quot;background_background&quot;:&quot;classic&quot;,&quot;animation&quot;:&quot;fadeInRight&quot;}\">\n\t\t\t<div class=\"elementor-widget-wrap elementor-element-populated\">\n\t\t\t\t\t<div class=\"elementor-background-overlay\"><\/div>\n\t\t\t\t\t\t<div class=\"elementor-element elementor-element-bd5d04b elementor-widget elementor-widget-toggle\" data-id=\"bd5d04b\" data-element_type=\"widget\" data-widget_type=\"toggle.default\">\n\t\t\t\t<div class=\"elementor-widget-container\">\n\t\t\t\t\t\t\t<div class=\"elementor-toggle\">\n\t\t\t\t\t\t\t<div class=\"elementor-toggle-item\">\n\t\t\t\t\t<div id=\"elementor-tab-title-1981\" class=\"elementor-tab-title\" data-tab=\"1\" role=\"button\" aria-controls=\"elementor-tab-content-1981\" aria-expanded=\"false\">\n\t\t\t\t\t\t\t\t\t\t\t\t<span class=\"elementor-toggle-icon elementor-toggle-icon-left\" aria-hidden=\"true\">\n\t\t\t\t\t\t\t\t\t\t\t\t\t\t\t<span class=\"elementor-toggle-icon-closed\"><i class=\"fas fa-caret-right\"><\/i><\/span>\n\t\t\t\t\t\t\t\t<span class=\"elementor-toggle-icon-opened\"><i class=\"elementor-toggle-icon-opened fas fa-caret-up\"><\/i><\/span>\n\t\t\t\t\t\t\t\t\t\t\t\t\t<\/span>\n\t\t\t\t\t\t\t\t\t\t\t\t<a class=\"elementor-toggle-title\" tabindex=\"0\">Academias del estado y el extranjero<\/a>\n\t\t\t\t\t<\/div>\n\n\t\t\t\t\t<div id=\"elementor-tab-content-1981\" class=\"elementor-tab-content elementor-clearfix\" data-tab=\"1\" role=\"region\" aria-labelledby=\"elementor-tab-title-1981\"><p><a href=\"http:\/\/www.ranf.com\" target=\"_blank\" rel=\"noopener\">Real Academia Nacional de Farmacia<\/a><\/p>\n<p><a href=\"http:\/\/www.academiadefarmaciacastillayleon.es\" target=\"_blank\" rel=\"noopener\">Academia de Farmacia de Castilla y Le\u00f3n<\/a><\/p>\n<p><a href=\"http:\/\/www.academiadefarmaciadegalicia.gal\" target=\"_blank\" rel=\"noopener\">Academia de Farmacia de Galicia<\/a><\/p>\n<p><a href=\"http:\/\/www.academiadefarmaciadearagon.es\" target=\"_blank\" rel=\"noopener\">Academia de Farmacia del Reino de Arag\u00f3n<\/a><\/p>\n<p><a href=\"http:\/\/www.academiadefarmaciaregiondemurcia.com\" target=\"_blank\" rel=\"noopener\">Academia de Farmacia Santa Mar\u00eda de Espa\u00f1a de la Regi\u00f3n de Murcia<\/a><\/p>\n<p><a href=\"http:\/\/ww.academiaiberoamericanadefarmacia.com\">Academia Iberoamericana de Farmacia<\/a><\/p>\n<\/div>\n\t\t\t\t<\/div>\n\t\t\t\t\t\t\t\t<\/div>\n\t\t\t\t\t\t<\/div>\n\t\t\t\t<\/div>\n\t\t\t\t<div class=\"elementor-element elementor-element-9f2538f elementor-widget elementor-widget-toggle\" data-id=\"9f2538f\" data-element_type=\"widget\" data-widget_type=\"toggle.default\">\n\t\t\t\t<div class=\"elementor-widget-container\">\n\t\t\t\t\t\t\t<div class=\"elementor-toggle\">\n\t\t\t\t\t\t\t<div class=\"elementor-toggle-item\">\n\t\t\t\t\t<div id=\"elementor-tab-title-1661\" class=\"elementor-tab-title\" data-tab=\"1\" role=\"button\" aria-controls=\"elementor-tab-content-1661\" aria-expanded=\"false\">\n\t\t\t\t\t\t\t\t\t\t\t\t<span class=\"elementor-toggle-icon elementor-toggle-icon-left\" aria-hidden=\"true\">\n\t\t\t\t\t\t\t\t\t\t\t\t\t\t\t<span class=\"elementor-toggle-icon-closed\"><i class=\"fas fa-caret-right\"><\/i><\/span>\n\t\t\t\t\t\t\t\t<span class=\"elementor-toggle-icon-opened\"><i class=\"elementor-toggle-icon-opened fas fa-caret-up\"><\/i><\/span>\n\t\t\t\t\t\t\t\t\t\t\t\t\t<\/span>\n\t\t\t\t\t\t\t\t\t\t\t\t<a class=\"elementor-toggle-title\" tabindex=\"0\">Otras Academias de Farmacia del extranjero<\/a>\n\t\t\t\t\t<\/div>\n\n\t\t\t\t\t<div id=\"elementor-tab-content-1661\" class=\"elementor-tab-content elementor-clearfix\" data-tab=\"1\" role=\"region\" aria-labelledby=\"elementor-tab-title-1661\"><p><a href=\"http:\/\/www.anfyb.com.ar\" target=\"_blank\" rel=\"noopener\">Argentina- Academia Nacional de Farmacia y Bioqu\u00edmica<\/a><\/p>\n<p><a href=\"http:\/\/www.cienciasfarmaceuticas.org.br\" target=\"_blank\" rel=\"noopener\">Brasil- Acad\u00eamia de Ciencias Farmac\u00eauticas do Brasil<\/a><\/p>\n<p><a href=\"http:\/\/www.acadpharm.org\/\" target=\"_blank\" rel=\"noopener\">Fran\u00e7a- Acad\u00e9mie Nationale de Pharmacie<\/a><\/p>\n<p><a href=\"http:\/\/www.ancf.mx\" target=\"_blank\" rel=\"noopener\">M\u00e8xic- Academia Nacional de Ciencias Farmac\u00e9uticas<\/a><\/p>\n<p><a href=\"https:\/\/academiacienciasfarmaceuticas.cl\/\" target=\"_blank\" rel=\"noopener\">Chile- Academia de Ciencias Farmac\u00e9uticas de Chile<\/a><\/p>\n<\/div>\n\t\t\t\t<\/div>\n\t\t\t\t\t\t\t\t<\/div>\n\t\t\t\t\t\t<\/div>\n\t\t\t\t<\/div>\n\t\t\t\t<div class=\"elementor-element elementor-element-17a9457 elementor-widget elementor-widget-toggle\" data-id=\"17a9457\" data-element_type=\"widget\" data-widget_type=\"toggle.default\">\n\t\t\t\t<div class=\"elementor-widget-container\">\n\t\t\t\t\t\t\t<div class=\"elementor-toggle\">\n\t\t\t\t\t\t\t<div class=\"elementor-toggle-item\">\n\t\t\t\t\t<div id=\"elementor-tab-title-2481\" class=\"elementor-tab-title\" data-tab=\"1\" role=\"button\" aria-controls=\"elementor-tab-content-2481\" aria-expanded=\"false\">\n\t\t\t\t\t\t\t\t\t\t\t\t<span class=\"elementor-toggle-icon elementor-toggle-icon-left\" aria-hidden=\"true\">\n\t\t\t\t\t\t\t\t\t\t\t\t\t\t\t<span class=\"elementor-toggle-icon-closed\"><i class=\"fas fa-caret-right\"><\/i><\/span>\n\t\t\t\t\t\t\t\t<span class=\"elementor-toggle-icon-opened\"><i class=\"elementor-toggle-icon-opened fas fa-caret-up\"><\/i><\/span>\n\t\t\t\t\t\t\t\t\t\t\t\t\t<\/span>\n\t\t\t\t\t\t\t\t\t\t\t\t<a class=\"elementor-toggle-title\" tabindex=\"0\">Colegios Farmac\u00e9uticos<\/a>\n\t\t\t\t\t<\/div>\n\n\t\t\t\t\t<div id=\"elementor-tab-content-2481\" class=\"elementor-tab-content elementor-clearfix\" data-tab=\"1\" role=\"region\" aria-labelledby=\"elementor-tab-title-2481\"><p><a href=\"http:\/\/www.farmaceuticonline.com\/\" target=\"_blank\" rel=\"noopener\">Colegio de Farmac\u00e9uticos de Barcelona<\/a><\/p>\n<p><a href=\"http:\/\/www.cofgi.com\/\" target=\"_blank\" rel=\"noopener\">Colegio de Farmac\u00e9uticos de Girona<\/a><\/p>\n<p><a href=\"http:\/\/www.coflleida.cat\/\" target=\"_blank\" rel=\"noopener\">Colegio de Farmac\u00e9uticos de L\u00e9rida<\/a><\/p>\n<p><a href=\"http:\/\/www.coft.org\/\" target=\"_blank\" rel=\"noopener\">Colegio de Farmac\u00e9uticos de Tarragona<\/a><\/p>\n<p><a href=\"http:\/\/www.portalfarma.com\/\" target=\"_blank\" rel=\"noopener\">Consejo General de Colegios de Farmac\u00e9uticos<\/a><\/p>\n<\/div>\n\t\t\t\t<\/div>\n\t\t\t\t\t\t\t\t<\/div>\n\t\t\t\t\t\t<\/div>\n\t\t\t\t<\/div>\n\t\t\t\t<div class=\"elementor-element elementor-element-665b153 elementor-widget elementor-widget-toggle\" data-id=\"665b153\" data-element_type=\"widget\" data-widget_type=\"toggle.default\">\n\t\t\t\t<div class=\"elementor-widget-container\">\n\t\t\t\t\t\t\t<div class=\"elementor-toggle\">\n\t\t\t\t\t\t\t<div class=\"elementor-toggle-item\">\n\t\t\t\t\t<div id=\"elementor-tab-title-1071\" class=\"elementor-tab-title\" data-tab=\"1\" role=\"button\" aria-controls=\"elementor-tab-content-1071\" aria-expanded=\"false\">\n\t\t\t\t\t\t\t\t\t\t\t\t<span class=\"elementor-toggle-icon elementor-toggle-icon-left\" aria-hidden=\"true\">\n\t\t\t\t\t\t\t\t\t\t\t\t\t\t\t<span class=\"elementor-toggle-icon-closed\"><i class=\"fas fa-caret-right\"><\/i><\/span>\n\t\t\t\t\t\t\t\t<span class=\"elementor-toggle-icon-opened\"><i class=\"elementor-toggle-icon-opened fas fa-caret-up\"><\/i><\/span>\n\t\t\t\t\t\t\t\t\t\t\t\t\t<\/span>\n\t\t\t\t\t\t\t\t\t\t\t\t<a class=\"elementor-toggle-title\" tabindex=\"0\">Otras Academias de Catalu\u00f1a<\/a>\n\t\t\t\t\t<\/div>\n\n\t\t\t\t\t<div id=\"elementor-tab-content-1071\" class=\"elementor-tab-content elementor-clearfix\" data-tab=\"1\" role=\"region\" aria-labelledby=\"elementor-tab-title-1071\"><p><a href=\"http:\/\/www.acvc.cat\/\" target=\"_blank\" rel=\"noopener\">Academia de Ciencias Veterinarias de Catalu\u00f1a<\/a><\/p>\n<p><a href=\"http:\/\/www.ajilc.cat\/\" target=\"_blank\" rel=\"noopener\">Academia de Jurisprudencia y Legislaci\u00f3n de Catalu\u00f1a<\/a><\/p>\n<p><a href=\"http:\/\/www.iec.cat\/\" target=\"_blank\" rel=\"noopener\">Institut d\u2019Estudis Catalans<\/a><\/p>\n<p><a href=\"http:\/\/www.boneslletres.cat\/\" target=\"_blank\" rel=\"noopener\">Reial Acad\u00e8mia de Bones Lletres de Barcelona<\/a><\/p>\n<p><a href=\"http:\/\/www.racba.org\/\" target=\"_blank\" rel=\"noopener\">Reial Acad\u00e8mia Catalana de Belles Arts de Sant Jordi<\/a><\/p>\n<p><a href=\"http:\/\/www.racab.es\/\" target=\"_blank\" rel=\"noopener\">Reial Acad\u00e8mia de Ci\u00e8ncies i Arts de Barcelona<\/a><\/p>\n<p><a href=\"http:\/\/www.racef.es\/\" target=\"_blank\" rel=\"noopener\">Real Academia de Ciencias Econ\u00f3micas y Financieras<\/a><\/p>\n<p><a href=\"http:\/\/www.reialacademiadoctors.org\/\" target=\"_blank\" rel=\"noopener\">Reial Acad\u00e8mia de Doctors de Catalunya<\/a><\/p>\n<p><a href=\"http:\/\/www.ramc.cat\/\" target=\"_blank\" rel=\"noopener\">Reial Acad\u00e8mia de Medicina de Catalunya<\/a><\/p>\n<\/div>\n\t\t\t\t<\/div>\n\t\t\t\t\t\t\t\t<\/div>\n\t\t\t\t\t\t<\/div>\n\t\t\t\t<\/div>\n\t\t\t\t<div class=\"elementor-element elementor-element-4ca151c elementor-widget elementor-widget-toggle\" data-id=\"4ca151c\" data-element_type=\"widget\" data-widget_type=\"toggle.default\">\n\t\t\t\t<div class=\"elementor-widget-container\">\n\t\t\t\t\t\t\t<div class=\"elementor-toggle\">\n\t\t\t\t\t\t\t<div class=\"elementor-toggle-item\">\n\t\t\t\t\t<div id=\"elementor-tab-title-8031\" class=\"elementor-tab-title\" data-tab=\"1\" role=\"button\" aria-controls=\"elementor-tab-content-8031\" aria-expanded=\"false\">\n\t\t\t\t\t\t\t\t\t\t\t\t<span class=\"elementor-toggle-icon elementor-toggle-icon-left\" aria-hidden=\"true\">\n\t\t\t\t\t\t\t\t\t\t\t\t\t\t\t<span class=\"elementor-toggle-icon-closed\"><i class=\"fas fa-caret-right\"><\/i><\/span>\n\t\t\t\t\t\t\t\t<span class=\"elementor-toggle-icon-opened\"><i class=\"elementor-toggle-icon-opened fas fa-caret-up\"><\/i><\/span>\n\t\t\t\t\t\t\t\t\t\t\t\t\t<\/span>\n\t\t\t\t\t\t\t\t\t\t\t\t<a class=\"elementor-toggle-title\" tabindex=\"0\">Universidades<\/a>\n\t\t\t\t\t<\/div>\n\n\t\t\t\t\t<div id=\"elementor-tab-content-8031\" class=\"elementor-tab-content elementor-clearfix\" data-tab=\"1\" role=\"region\" aria-labelledby=\"elementor-tab-title-8031\"><p><a href=\"http:\/\/www.ub.edu\/\" target=\"_blank\" rel=\"noopener\">Universidad de Barcelona<\/a><\/p>\n<p><a href=\"http:\/\/www.ub.edu\/farmacia\" target=\"_blank\" rel=\"noopener\">Facultad de Farmacia (Barcelona)<\/a><\/p>\n<p><a href=\"http:\/\/www.uab.es\/\" target=\"_blank\" rel=\"noopener\">Universidad Aut\u00f3noma de Barcelona<\/a><\/p>\n<p><a href=\"http:\/\/www.upf.edu\/\" target=\"_blank\" rel=\"noopener\">Universidad Pompeu Fabra (Barcelona)<\/a><\/p>\n<p><a href=\"http:\/\/www.url.es\/\" target=\"_blank\" rel=\"noopener\">Universidad Ramon Llull (Barcelona)<\/a><\/p>\n<p><a href=\"http:\/\/www.udg.edu\/\" target=\"_blank\" rel=\"noopener\">Universidad de Girona<\/a><\/p>\n<p><a href=\"http:\/\/www.udl.es\/\" target=\"_blank\" rel=\"noopener\">Universidad de Lleida<\/a><\/p>\n<p><a href=\"http:\/\/www.urv.cat\/\" target=\"_blank\" rel=\"noopener\">Universidad Rovira i Virgili (Tarragona)<\/a><\/p>\n<\/div>\n\t\t\t\t<\/div>\n\t\t\t\t\t\t\t\t<\/div>\n\t\t\t\t\t\t<\/div>\n\t\t\t\t<\/div>\n\t\t\t\t<div class=\"elementor-element elementor-element-c2f682e elementor-widget elementor-widget-toggle\" data-id=\"c2f682e\" data-element_type=\"widget\" data-widget_type=\"toggle.default\">\n\t\t\t\t<div class=\"elementor-widget-container\">\n\t\t\t\t\t\t\t<div class=\"elementor-toggle\">\n\t\t\t\t\t\t\t<div class=\"elementor-toggle-item\">\n\t\t\t\t\t<div id=\"elementor-tab-title-2041\" class=\"elementor-tab-title\" data-tab=\"1\" role=\"button\" aria-controls=\"elementor-tab-content-2041\" aria-expanded=\"false\">\n\t\t\t\t\t\t\t\t\t\t\t\t<span class=\"elementor-toggle-icon elementor-toggle-icon-left\" aria-hidden=\"true\">\n\t\t\t\t\t\t\t\t\t\t\t\t\t\t\t<span class=\"elementor-toggle-icon-closed\"><i class=\"fas fa-caret-right\"><\/i><\/span>\n\t\t\t\t\t\t\t\t<span class=\"elementor-toggle-icon-opened\"><i class=\"elementor-toggle-icon-opened fas fa-caret-up\"><\/i><\/span>\n\t\t\t\t\t\t\t\t\t\t\t\t\t<\/span>\n\t\t\t\t\t\t\t\t\t\t\t\t<a class=\"elementor-toggle-title\" tabindex=\"0\">Otras Instituciones<\/a>\n\t\t\t\t\t<\/div>\n\n\t\t\t\t\t<div id=\"elementor-tab-content-2041\" class=\"elementor-tab-content elementor-clearfix\" data-tab=\"1\" role=\"region\" aria-labelledby=\"elementor-tab-title-2041\"><p><a href=\"http:\/\/www.gencat.cat\/salut\" target=\"_blank\" rel=\"noopener\">Departament de Salut de la Generalitat de Catalunya<\/a><\/p>\n<\/div>\n\t\t\t\t<\/div>\n\t\t\t\t\t\t\t\t<\/div>\n\t\t\t\t\t\t<\/div>\n\t\t\t\t<\/div>\n\t\t\t\t\t<\/div>\n\t\t<\/div>\n\t\t\t\t<div class=\"elementor-column elementor-col-50 elementor-top-column elementor-element elementor-element-ca355b5\" data-id=\"ca355b5\" data-element_type=\"column\" data-settings=\"{&quot;background_background&quot;:&quot;classic&quot;}\">\n\t\t\t<div class=\"elementor-widget-wrap elementor-element-populated\">\n\t\t\t\t\t\t<div class=\"elementor-element elementor-element-5c77cc1 elementor-widget elementor-widget-heading\" data-id=\"5c77cc1\" data-element_type=\"widget\" data-widget_type=\"heading.default\">\n\t\t\t\t<div class=\"elementor-widget-container\">\n\t\t\t\t\t<h2 class=\"elementor-heading-title elementor-size-default\">NOTICIAS<\/h2>\t\t\t\t<\/div>\n\t\t\t\t<\/div>\n\t\t\t\t<div class=\"elementor-element elementor-element-96ad7a0 elementor-widget-divider--view-line elementor-widget elementor-widget-divider\" data-id=\"96ad7a0\" data-element_type=\"widget\" data-widget_type=\"divider.default\">\n\t\t\t\t<div class=\"elementor-widget-container\">\n\t\t\t\t\t\t\t<div class=\"elementor-divider\">\n\t\t\t<span class=\"elementor-divider-separator\">\n\t\t\t\t\t\t<\/span>\n\t\t<\/div>\n\t\t\t\t\t\t<\/div>\n\t\t\t\t<\/div>\n\t\t\t\t<div class=\"elementor-element elementor-element-8edf148 elementor-grid-1 elementor-grid-tablet-1 elementor-grid-mobile-1 elementor-posts--thumbnail-top elementor-widget elementor-widget-posts\" data-id=\"8edf148\" data-element_type=\"widget\" data-settings=\"{&quot;classic_columns&quot;:&quot;1&quot;,&quot;classic_row_gap&quot;:{&quot;unit&quot;:&quot;px&quot;,&quot;size&quot;:24,&quot;sizes&quot;:[]},&quot;classic_columns_tablet&quot;:&quot;1&quot;,&quot;classic_columns_mobile&quot;:&quot;1&quot;,&quot;classic_row_gap_tablet&quot;:{&quot;unit&quot;:&quot;px&quot;,&quot;size&quot;:&quot;&quot;,&quot;sizes&quot;:[]},&quot;classic_row_gap_mobile&quot;:{&quot;unit&quot;:&quot;px&quot;,&quot;size&quot;:&quot;&quot;,&quot;sizes&quot;:[]}}\" data-widget_type=\"posts.classic\">\n\t\t\t\t<div class=\"elementor-widget-container\">\n\t\t\t\t\t\t\t<div class=\"elementor-posts-container elementor-posts elementor-posts--skin-classic elementor-grid\" role=\"list\">\n\t\t\t\t<article class=\"elementor-post elementor-grid-item post-18517 noticies type-noticies status-publish has-post-thumbnail hentry tipus_de_publicacions-lectura-discurso-ac-numerario\" role=\"listitem\">\n\t\t\t\t<a class=\"elementor-post__thumbnail__link\" href=\"https:\/\/rafc.cat\/es\/noticias\/sesion-extraordinaria-de-lectura-del-discurso-del-academico-numerario-dr-xavier-de-diego-navalon\/\" tabindex=\"-1\" >\n\t\t\t<div class=\"elementor-post__thumbnail\"><img fetchpriority=\"high\" decoding=\"async\" width=\"300\" height=\"225\" src=\"https:\/\/rafc.cat\/wp-content\/uploads\/2025\/06\/IMG_20250618_184021-300x225.jpg\" class=\"attachment-medium size-medium wp-image-18518\" alt=\"\" srcset=\"https:\/\/rafc.cat\/wp-content\/uploads\/2025\/06\/IMG_20250618_184021-300x225.jpg 300w, https:\/\/rafc.cat\/wp-content\/uploads\/2025\/06\/IMG_20250618_184021-1024x768.jpg 1024w, https:\/\/rafc.cat\/wp-content\/uploads\/2025\/06\/IMG_20250618_184021-768x576.jpg 768w, https:\/\/rafc.cat\/wp-content\/uploads\/2025\/06\/IMG_20250618_184021-1536x1152.jpg 1536w, https:\/\/rafc.cat\/wp-content\/uploads\/2025\/06\/IMG_20250618_184021-2048x1536.jpg 2048w\" sizes=\"(max-width: 300px) 100vw, 300px\" \/><\/div>\n\t\t<\/a>\n\t\t\t\t<div class=\"elementor-post__text\">\n\t\t\t\t<h3 class=\"elementor-post__title\">\n\t\t\t<a href=\"https:\/\/rafc.cat\/es\/noticias\/sesion-extraordinaria-de-lectura-del-discurso-del-academico-numerario-dr-xavier-de-diego-navalon\/\" >\n\t\t\t\tSesi\u00f3n Extraordinaria de Lectura del Discurso del Acad\u00e9mico Numerario Dr. Xavier de Diego Naval\u00f3n\t\t\t<\/a>\n\t\t<\/h3>\n\t\t\n\t\t<a class=\"elementor-post__read-more\" href=\"https:\/\/rafc.cat\/es\/noticias\/sesion-extraordinaria-de-lectura-del-discurso-del-academico-numerario-dr-xavier-de-diego-navalon\/\" aria-label=\"M\u00e1s informaci\u00f3n sobre Sesi\u00f3n Extraordinaria de Lectura del Discurso del Acad\u00e9mico Numerario Dr. Xavier de Diego Naval\u00f3n\" tabindex=\"-1\" >\n\t\t\tM\u00e1s informaci\u00f3n &gt;\t\t<\/a>\n\n\t\t\t\t<\/div>\n\t\t\t\t<\/article>\n\t\t\t\t<article class=\"elementor-post elementor-grid-item post-18502 noticies type-noticies status-publish has-post-thumbnail hentry tipus_de_publicacions-lectura-discurso-ac-numerario\" role=\"listitem\">\n\t\t\t\t<a class=\"elementor-post__thumbnail__link\" href=\"https:\/\/rafc.cat\/es\/noticias\/sesion-extraordinario-de-lectura-del-discurso-de-la-academica-numeraria-la-excma-sra-dra-pilar-gascon-lecha\/\" tabindex=\"-1\" >\n\t\t\t<div class=\"elementor-post__thumbnail\"><img decoding=\"async\" width=\"300\" height=\"225\" src=\"https:\/\/rafc.cat\/wp-content\/uploads\/2025\/06\/IMG_20250616_185155-300x225.jpg\" class=\"attachment-medium size-medium wp-image-18504\" alt=\"\" srcset=\"https:\/\/rafc.cat\/wp-content\/uploads\/2025\/06\/IMG_20250616_185155-300x225.jpg 300w, https:\/\/rafc.cat\/wp-content\/uploads\/2025\/06\/IMG_20250616_185155-1024x768.jpg 1024w, https:\/\/rafc.cat\/wp-content\/uploads\/2025\/06\/IMG_20250616_185155-768x576.jpg 768w, https:\/\/rafc.cat\/wp-content\/uploads\/2025\/06\/IMG_20250616_185155-1536x1152.jpg 1536w, https:\/\/rafc.cat\/wp-content\/uploads\/2025\/06\/IMG_20250616_185155-2048x1536.jpg 2048w\" sizes=\"(max-width: 300px) 100vw, 300px\" \/><\/div>\n\t\t<\/a>\n\t\t\t\t<div class=\"elementor-post__text\">\n\t\t\t\t<h3 class=\"elementor-post__title\">\n\t\t\t<a href=\"https:\/\/rafc.cat\/es\/noticias\/sesion-extraordinario-de-lectura-del-discurso-de-la-academica-numeraria-la-excma-sra-dra-pilar-gascon-lecha\/\" >\n\t\t\t\tSesi\u00f3n Extraordinario de Lectura del Discurso de la Acad\u00e9mica Numerar\u00eda la Excma. Sra. Dra. Pilar Gasc\u00f3n Lecha\t\t\t<\/a>\n\t\t<\/h3>\n\t\t\n\t\t<a class=\"elementor-post__read-more\" href=\"https:\/\/rafc.cat\/es\/noticias\/sesion-extraordinario-de-lectura-del-discurso-de-la-academica-numeraria-la-excma-sra-dra-pilar-gascon-lecha\/\" aria-label=\"M\u00e1s informaci\u00f3n sobre Sesi\u00f3n Extraordinario de Lectura del Discurso de la Acad\u00e9mica Numerar\u00eda la Excma. Sra. Dra. Pilar Gasc\u00f3n Lecha\" tabindex=\"-1\" >\n\t\t\tM\u00e1s informaci\u00f3n &gt;\t\t<\/a>\n\n\t\t\t\t<\/div>\n\t\t\t\t<\/article>\n\t\t\t\t<article class=\"elementor-post elementor-grid-item post-18491 noticies type-noticies status-publish has-post-thumbnail hentry tipus_de_publicacions-lectura-discurso-ac-correspondiente\" role=\"listitem\">\n\t\t\t\t<a class=\"elementor-post__thumbnail__link\" href=\"https:\/\/rafc.cat\/es\/noticias\/sesion-extraordinaria-de-lectura-del-discurso-del-academico-correspondiendo-el-ilustre-sr-dr-joaquim-suner-carbo\/\" tabindex=\"-1\" >\n\t\t\t<div class=\"elementor-post__thumbnail\"><img decoding=\"async\" width=\"300\" height=\"225\" src=\"https:\/\/rafc.cat\/wp-content\/uploads\/2025\/06\/IMG_20250604_184606-300x225.jpg\" class=\"attachment-medium size-medium wp-image-18496\" alt=\"\" srcset=\"https:\/\/rafc.cat\/wp-content\/uploads\/2025\/06\/IMG_20250604_184606-300x225.jpg 300w, https:\/\/rafc.cat\/wp-content\/uploads\/2025\/06\/IMG_20250604_184606-1024x768.jpg 1024w, https:\/\/rafc.cat\/wp-content\/uploads\/2025\/06\/IMG_20250604_184606-768x576.jpg 768w, https:\/\/rafc.cat\/wp-content\/uploads\/2025\/06\/IMG_20250604_184606-1536x1152.jpg 1536w, https:\/\/rafc.cat\/wp-content\/uploads\/2025\/06\/IMG_20250604_184606-2048x1536.jpg 2048w\" sizes=\"(max-width: 300px) 100vw, 300px\" \/><\/div>\n\t\t<\/a>\n\t\t\t\t<div class=\"elementor-post__text\">\n\t\t\t\t<h3 class=\"elementor-post__title\">\n\t\t\t<a href=\"https:\/\/rafc.cat\/es\/noticias\/sesion-extraordinaria-de-lectura-del-discurso-del-academico-correspondiendo-el-ilustre-sr-dr-joaquim-suner-carbo\/\" >\n\t\t\t\tSesi\u00f3n Extraordinaria de Lectura del Discurso del Acad\u00e9mico correspondiendo el Ilustre Sr. Dr. Joaquim Su\u00f1er Carb\u00f3\t\t\t<\/a>\n\t\t<\/h3>\n\t\t\n\t\t<a class=\"elementor-post__read-more\" href=\"https:\/\/rafc.cat\/es\/noticias\/sesion-extraordinaria-de-lectura-del-discurso-del-academico-correspondiendo-el-ilustre-sr-dr-joaquim-suner-carbo\/\" aria-label=\"M\u00e1s informaci\u00f3n sobre Sesi\u00f3n Extraordinaria de Lectura del Discurso del Acad\u00e9mico correspondiendo el Ilustre Sr. Dr. Joaquim Su\u00f1er Carb\u00f3\" tabindex=\"-1\" >\n\t\t\tM\u00e1s informaci\u00f3n &gt;\t\t<\/a>\n\n\t\t\t\t<\/div>\n\t\t\t\t<\/article>\n\t\t\t\t<\/div>\n\t\t\n\t\t\t\t\t\t<\/div>\n\t\t\t\t<\/div>\n\t\t\t\t<div class=\"elementor-element elementor-element-a0e2057 elementor-widget elementor-widget-heading\" data-id=\"a0e2057\" data-element_type=\"widget\" data-widget_type=\"heading.default\">\n\t\t\t\t<div class=\"elementor-widget-container\">\n\t\t\t\t\t<h2 class=\"elementor-heading-title elementor-size-default\">PR\u00d3XIMOS ACTOS<\/h2>\t\t\t\t<\/div>\n\t\t\t\t<\/div>\n\t\t\t\t<div class=\"elementor-element elementor-element-f2a095b elementor-widget-divider--view-line elementor-widget elementor-widget-divider\" data-id=\"f2a095b\" data-element_type=\"widget\" data-widget_type=\"divider.default\">\n\t\t\t\t<div class=\"elementor-widget-container\">\n\t\t\t\t\t\t\t<div class=\"elementor-divider\">\n\t\t\t<span class=\"elementor-divider-separator\">\n\t\t\t\t\t\t<\/span>\n\t\t<\/div>\n\t\t\t\t\t\t<\/div>\n\t\t\t\t<\/div>\n\t\t\t\t<div class=\"elementor-element elementor-element-14aeea8 elementor-widget elementor-widget-sidebar\" data-id=\"14aeea8\" data-element_type=\"widget\" data-widget_type=\"sidebar.default\">\n\t\t\t\t<div class=\"elementor-widget-container\">\n\t\t\t\t\t<div id=\"mec_mec_widget-3\" class=\"widget widget_mec_mec_widget\"><div class=\"mec-wrap mec-skin-list-container mec-widget  \" id=\"mec_skin_748\">\r\n    \r\n    \r\n        <div class=\"mec-skin-list-events-container\" id=\"mec_skin_events_748\">\r\n        \u00a1No hay eventos!    <\/div>\r\n        \r\n        \r\n<\/div><\/div>\t\t\t\t<\/div>\n\t\t\t\t<\/div>\n\t\t\t\t\t<\/div>\n\t\t<\/div>\n\t\t\t\t\t<\/div>\n\t\t<\/section>\n\t\t\t\t<\/div>\n\t\t","protected":false},"excerpt":{"rendered":"<p>Enlaces de Inter\u00e9s Academias del estado y el extranjero, as\u00ed como otros organismos\/entidades. Academias del estado y el extranjero Real Academia Nacional de Farmacia Academia<\/p>\n","protected":false},"author":1,"featured_media":0,"parent":0,"menu_order":0,"comment_status":"closed","ping_status":"closed","template":"","meta":{"_acf_changed":false,"footnotes":""},"class_list":["post-7803","page","type-page","status-publish","hentry"],"acf":[],"_links":{"self":[{"href":"https:\/\/rafc.cat\/es\/wp-json\/wp\/v2\/pages\/7803","targetHints":{"allow":["GET"]}}],"collection":[{"href":"https:\/\/rafc.cat\/es\/wp-json\/wp\/v2\/pages"}],"about":[{"href":"https:\/\/rafc.cat\/es\/wp-json\/wp\/v2\/types\/page"}],"author":[{"embeddable":true,"href":"https:\/\/rafc.cat\/es\/wp-json\/wp\/v2\/users\/1"}],"replies":[{"embeddable":true,"href":"https:\/\/rafc.cat\/es\/wp-json\/wp\/v2\/comments?post=7803"}],"version-history":[{"count":0,"href":"https:\/\/rafc.cat\/es\/wp-json\/wp\/v2\/pages\/7803\/revisions"}],"wp:attachment":[{"href":"https:\/\/rafc.cat\/es\/wp-json\/wp\/v2\/media?parent=7803"}],"curies":[{"name":"wp","href":"https:\/\/api.w.org\/{rel}","templated":true}]}}