{"id":8628,"date":"2020-12-15T16:11:28","date_gmt":"2020-12-15T16:11:28","guid":{"rendered":"https:\/\/test-web-rafc.connectus.es\/agenda-actes-rafc"},"modified":"2021-04-07T13:17:01","modified_gmt":"2021-04-07T13:17:01","slug":"agenda-actes-rafc","status":"publish","type":"page","link":"https:\/\/rafc.cat\/es\/agenda-actes-rafc\/","title":{"rendered":"Agenda Calendario Actos RAFC"},"content":{"rendered":"\t\t<div data-elementor-type=\"wp-page\" data-elementor-id=\"8628\" class=\"elementor elementor-8628 elementor-8108\" data-elementor-post-type=\"page\">\n\t\t\t\t\t\t<section class=\"elementor-section elementor-top-section elementor-element elementor-element-05fb7fc elementor-section-full_width elementor-section-height-default elementor-section-height-default\" data-id=\"05fb7fc\" data-element_type=\"section\" data-settings=\"{&quot;background_background&quot;:&quot;classic&quot;}\">\n\t\t\t\t\t\t\t<div class=\"elementor-background-overlay\"><\/div>\n\t\t\t\t\t\t\t<div class=\"elementor-container elementor-column-gap-no\">\n\t\t\t\t\t<div class=\"elementor-column elementor-col-50 elementor-top-column elementor-element elementor-element-9220393\" data-id=\"9220393\" data-element_type=\"column\">\n\t\t\t<div class=\"elementor-widget-wrap elementor-element-populated\">\n\t\t\t\t\t\t<div class=\"elementor-element elementor-element-4bac53b elementor-widget elementor-widget-spacer\" data-id=\"4bac53b\" data-element_type=\"widget\" data-widget_type=\"spacer.default\">\n\t\t\t\t<div class=\"elementor-widget-container\">\n\t\t\t\t\t\t\t<div class=\"elementor-spacer\">\n\t\t\t<div class=\"elementor-spacer-inner\"><\/div>\n\t\t<\/div>\n\t\t\t\t\t\t<\/div>\n\t\t\t\t<\/div>\n\t\t\t\t<div class=\"elementor-element elementor-element-70e8635 elementor-widget elementor-widget-heading\" data-id=\"70e8635\" data-element_type=\"widget\" data-widget_type=\"heading.default\">\n\t\t\t\t<div class=\"elementor-widget-container\">\n\t\t\t\t\t<h2 class=\"elementor-heading-title elementor-size-default\">\n<br>\nAgenda Actos<\/h2>\t\t\t\t<\/div>\n\t\t\t\t<\/div>\n\t\t\t\t<div class=\"elementor-element elementor-element-e0b38fb elementor-hidden-desktop elementor-widget-divider--view-line elementor-widget elementor-widget-divider\" data-id=\"e0b38fb\" data-element_type=\"widget\" data-widget_type=\"divider.default\">\n\t\t\t\t<div class=\"elementor-widget-container\">\n\t\t\t\t\t\t\t<div class=\"elementor-divider\">\n\t\t\t<span class=\"elementor-divider-separator\">\n\t\t\t\t\t\t<\/span>\n\t\t<\/div>\n\t\t\t\t\t\t<\/div>\n\t\t\t\t<\/div>\n\t\t\t\t\t<\/div>\n\t\t<\/div>\n\t\t\t\t<div class=\"elementor-column elementor-col-50 elementor-top-column elementor-element elementor-element-fb80eed elementor-hidden-phone\" data-id=\"fb80eed\" data-element_type=\"column\">\n\t\t\t<div class=\"elementor-widget-wrap elementor-element-populated\">\n\t\t\t\t\t\t<div class=\"elementor-element elementor-element-167be81 elementor-widget elementor-widget-spacer\" data-id=\"167be81\" data-element_type=\"widget\" data-widget_type=\"spacer.default\">\n\t\t\t\t<div class=\"elementor-widget-container\">\n\t\t\t\t\t\t\t<div class=\"elementor-spacer\">\n\t\t\t<div class=\"elementor-spacer-inner\"><\/div>\n\t\t<\/div>\n\t\t\t\t\t\t<\/div>\n\t\t\t\t<\/div>\n\t\t\t\t\t<\/div>\n\t\t<\/div>\n\t\t\t\t\t<\/div>\n\t\t<\/section>\n\t\t\t\t<section class=\"elementor-section elementor-top-section elementor-element elementor-element-a6c4c6f elementor-section-stretched elementor-section-full_width elementor-section-height-default elementor-section-height-default\" data-id=\"a6c4c6f\" data-element_type=\"section\" data-settings=\"{&quot;stretch_section&quot;:&quot;section-stretched&quot;,&quot;background_background&quot;:&quot;classic&quot;}\">\n\t\t\t\t\t\t\t<div class=\"elementor-background-overlay\"><\/div>\n\t\t\t\t\t\t\t<div class=\"elementor-container elementor-column-gap-default\">\n\t\t\t\t\t<div class=\"elementor-column elementor-col-100 elementor-top-column elementor-element elementor-element-68135bc5\" data-id=\"68135bc5\" data-element_type=\"column\">\n\t\t\t<div class=\"elementor-widget-wrap elementor-element-populated\">\n\t\t\t\t\t\t<div class=\"elementor-element elementor-element-29748118 elementor-mobile-align-left elementor-tablet-align-left elementor-widget elementor-widget-breadcrumbs\" data-id=\"29748118\" data-element_type=\"widget\" data-settings=\"{&quot;sticky&quot;:&quot;top&quot;,&quot;sticky_on&quot;:[&quot;desktop&quot;,&quot;tablet&quot;,&quot;mobile&quot;],&quot;sticky_offset&quot;:0,&quot;sticky_effects_offset&quot;:0,&quot;sticky_anchor_link_offset&quot;:0}\" data-widget_type=\"breadcrumbs.default\">\n\t\t\t\t<div class=\"elementor-widget-container\">\n\t\t\t\t\t<p id=\"breadcrumbs\"><span><span><a href=\"https:\/\/rafc.cat\/es\/\">Inicio<\/a><\/span><\/span><\/p>\t\t\t\t<\/div>\n\t\t\t\t<\/div>\n\t\t\t\t\t<\/div>\n\t\t<\/div>\n\t\t\t\t\t<\/div>\n\t\t<\/section>\n\t\t\t\t<section class=\"elementor-section elementor-top-section elementor-element elementor-element-ab85ce8 elementor-section-full_width elementor-section-height-default elementor-section-height-default\" data-id=\"ab85ce8\" data-element_type=\"section\">\n\t\t\t\t\t\t<div class=\"elementor-container elementor-column-gap-default\">\n\t\t\t\t\t<div class=\"elementor-column elementor-col-50 elementor-top-column elementor-element elementor-element-30fcab1\" data-id=\"30fcab1\" data-element_type=\"column\">\n\t\t\t<div class=\"elementor-widget-wrap elementor-element-populated\">\n\t\t\t\t\t\t<div class=\"elementor-element elementor-element-6ce4fab elementor-widget elementor-widget-shortcode\" data-id=\"6ce4fab\" data-element_type=\"widget\" data-widget_type=\"shortcode.default\">\n\t\t\t\t<div class=\"elementor-widget-container\">\n\t\t\t\t\t\t\t<div class=\"elementor-shortcode\"><div class=\"mec-wrap mec-skin-list-container  \" id=\"mec_skin_53\">\r\n    \r\n    \r\n            <div class=\"mec-skin-list-events-container\" id=\"mec_skin_events_53\">\r\n        <div class=\"mec-wrap colorskin-custom\">\r\n\t<div class=\"mec-event-list-modern\">\r\n\t\t\r\n                        <div class=\"mec-month-divider\" data-toggle-divider=\"mec-toggle-202609-53\"><span>septiembre 2026<\/span><i class=\"mec-sl-arrow-down\"><\/i><\/div>\r\n            \r\n                    <script type=\"application\/ld+json\">\r\n        {\r\n            \"@context\": \"http:\/\/schema.org\",\r\n            \"@type\": \"Event\",\r\n            \"eventStatus\": \"https:\/\/schema.org\/EventScheduled\",\r\n            \"startDate\": \"2026-09-16\",\r\n            \"endDate\": \"2026-09-16\",\r\n            \"eventAttendanceMode\": \"https:\/\/schema.org\/OfflineEventAttendanceMode\",\r\n            \"location\":\r\n            {\r\n                \"@type\": \"Place\",\r\n                                \"name\": \"Sin categorizar\",\r\n                \"image\": \"\",\r\n                \"address\": \"\"\r\n                            },\r\n            \"organizer\":\r\n            {\r\n                \"@type\": \"Person\",\r\n                \"name\": \"RAFC\",\r\n                \"url\": \"\"\r\n            },\r\n            \"offers\":\r\n            {\r\n                \"url\": \"https:\/\/rafc.cat\/es\/eventos\/la-formacion-clinico-asistencial-del-farmaceutico-en-el-peru-lectura-del-discurs-dingres-del-lilltre-sr-dr-jose-roger-juarez-eyzaguirre-com-academic-corresponent-624-196-356-633-702-244-274-968-943-35\/\",\r\n                \"price\": \"\",\r\n                \"priceCurrency\": \"\u20ac\",\r\n                \"availability\": \"https:\/\/schema.org\/InStock\",\r\n                \"validFrom\": \"2026-09-16T00:00\"\r\n            },\r\n            \"performer\": \"\",\r\n            \"description\": \"&lt;div class=&quot;relative basis-auto flex-col -mb-(--composer-overlap-px) [--composer-overlap-px:28px] grow flex&quot;&gt;  &lt;div class=&quot;flex flex-col text-sm pb-25&quot;&gt;&lt;article class=&quot;text-token-text-primary w-full focus:outline-none [--shadow-height:45px] has-data-writing-block:pointer-events-none has-data-writing-block:-mt-(--shadow-height) has-data-writing-block:pt-(--shadow-height) [&amp;:has([data-writing-block])&gt;*]:pointer-events-auto [content-visibility:auto] supports-[content-visibility:auto]:[contain-intrinsic-size:auto_100lvh] scroll-mt-[calc(var(--header-height)+min(200px,max(70px,20svh)))]&quot; dir=&quot;auto&quot; tabindex=&quot;-1&quot; data-turn-id=&quot;4362282a-05dc-4afb-b4ac-e91b78776176&quot; data-testid=&quot;conversation-turn-2&quot; data-scroll-anchor=&quot;true&quot; data-turn=&quot;assistant&quot;&gt;  &lt;div class=&quot;text-base my-auto mx-auto pb-10 [--thread-content-margin:--spacing(4)] @w-sm\/main:[--thread-content-margin:--spacing(6)] @w-lg\/main:[--thread-content-margin:--spacing(16)] px-(--thread-content-margin)&quot;&gt;  &lt;div class=&quot;[--thread-content-max-width:40rem] @w-lg\/main:[--thread-content-max-width:48rem] mx-auto max-w-(--thread-content-max-width) flex-1 group\/turn-messages focus-visible:outline-hidden relative flex w-full min-w-0 flex-col agent-turn&quot; tabindex=&quot;-1&quot;&gt;  &lt;div class=&quot;flex max-w-full flex-col grow&quot;&gt;  &lt;div class=&quot;min-h-8 text-message relative flex w-full flex-col items-end gap-2 text-start break-words whitespace-normal [.text-message+&amp;]:mt-1&quot; dir=&quot;auto&quot; data-message-author-role=&quot;assistant&quot; data-message-id=&quot;42b7bd02-bb2f-4db7-abdb-3f15219e767d&quot; data-message-model-slug=&quot;gpt-5-2&quot;&gt;  &lt;div class=&quot;flex w-full flex-col gap-1 empty:hidden first:pt-[1px]&quot;&gt;  &lt;div class=&quot;markdown prose dark:prose-invert w-full break-words light markdown-new-styling&quot;&gt;    La Reial Acad\u00e8mia de Farm\u00e0cia de Catalunya tiene el honor de invitarlo a la Sesi\u00f3n P\u00fablica Extraordinaria, que se celebrar\u00e1 de forma presencial y con transmisi\u00f3n telem\u00e1tica, el d\u00eda 16 de septiembre de 2026 a las 18:30, en el sal\u00f3n de actos de esta Real Corporaci\u00f3n, en el transcurso de la cual la  Dra. Fina Llad\u00f3s Canela, ingresar\u00e1 como Acad\u00e9mica Correspondiente, adscrita a la Secci\u00f3n Tercera (Farmacia Industrial), con la lectura del discurso:  \u201cLA INNOVACI\u00d3 TERAP\u00c8UTICA EN ONCOLOGIA. DEL DESCOBRIMENT CIENT\u00cdFIC A LA GOVERNAN\u00c7A DEL VALOR. COM ENS HEM DE PREPARAR PEL FUTUR?\u201d    La presentar\u00e1, en nombre de la Academia, l\u2019Excm. Sr. Dr. Emili Esteve Sala.    &lt;b style=&quot;font-family: -apple-system, BlinkMacSystemFont, &#039;Segoe UI&#039;, Roboto, &#039;Helvetica Neue&#039;, Arial, &#039;Noto Sans&#039;, sans-serif, &#039;Apple Color Emoji&#039;, &#039;Segoe UI Emoji&#039;, &#039;Segoe UI Symbol&#039;, &#039;Noto Color Emoji&#039;;&quot;&gt;El enlace de zoom&lt;\/b&gt;&lt;span class=&quot;s2&quot; style=&quot;font-family: -apple-system, BlinkMacSystemFont, &#039;Segoe UI&#039;, Roboto, &#039;Helvetica Neue&#039;, Arial, &#039;Noto Sans&#039;, sans-serif, &#039;Apple Color Emoji&#039;, &#039;Segoe UI Emoji&#039;, &#039;Segoe UI Symbol&#039;, &#039;Noto Color Emoji&#039;;&quot;&gt;&lt;b&gt;: &lt;a href=&quot;https:\/\/us06web.zoom.us\/j\/86192410698&quot;&gt;https:\/\/us06web.zoom.us\/j\/86192410698&lt;\/a&gt;&lt;\/b&gt;&lt;\/span&gt;  &lt;p class=&quot;p2&quot;&gt;La sesi\u00f3n, tambi\u00e9n se podr\u00e1 seguir en directo por el YouTube de la p\u00e1gina web de la academia&lt;b&gt;: &lt;\/b&gt;&lt;strong style=&quot;font-family: -apple-system, BlinkMacSystemFont, &#039;Segoe UI&#039;, Roboto, &#039;Helvetica Neue&#039;, Arial, &#039;Noto Sans&#039;, sans-serif, &#039;Apple Color Emoji&#039;, &#039;Segoe UI Emoji&#039;, &#039;Segoe UI Symbol&#039;, &#039;Noto Color Emoji&#039;;&quot; data-start=&quot;1551&quot; data-end=&quot;1567&quot; data-is-last-node=&quot;&quot;&gt;&lt;a class=&quot;decorated-link&quot; href=&quot;http:\/\/www.rafc.cat&quot; target=&quot;_new&quot; rel=&quot;noopener&quot; data-start=&quot;1553&quot; data-end=&quot;1565&quot;&gt;www.rafc.cat&lt;\/a&gt;&lt;\/strong&gt;&lt;\/p&gt;    &lt;\/div&gt;  &lt;\/div&gt;  &lt;\/div&gt;  &lt;\/div&gt;  &lt;\/div&gt;  &lt;\/div&gt;  &lt;\/article&gt;&lt;\/div&gt;  &lt;\/div&gt;\",\r\n            \"image\": \"\",\r\n            \"name\": \"La Sra. Dra. Fina Llad\u00f3s Canela ingresar\u00e1 como Acad\u00e9mica Correspondiente con la lectura del discurso: \u201cLA INNOVACI\u00d3 TERAP\u00c8UTICA EN ONCOLOGIA.\u00a0DEL DESCOBRIMENT CIENT\u00cdFIC A LA GOVERNAN\u00c7A DEL VALOR. COM ENS HEM DE PREPARAR PEL FUTUR?\u201d\",\r\n            \"url\": \"https:\/\/rafc.cat\/es\/eventos\/la-formacion-clinico-asistencial-del-farmaceutico-en-el-peru-lectura-del-discurs-dingres-del-lilltre-sr-dr-jose-roger-juarez-eyzaguirre-com-academic-corresponent-624-196-356-633-702-244-274-968-943-35\/\"\r\n        }\r\n        <\/script>\r\n                    <article class=\"mec-event-article mec-clear  mec-divider-toggle mec-toggle-202609-53\" itemscope>\r\n                                    <div class=\"col-md-2 col-sm-2\">\r\n\r\n                                                <div class=\"mec-event-date\">\r\n                            <div class=\"event-d mec-color\">16<\/div>\r\n                            <div class=\"event-f\">septiembre<\/div>\r\n                            <div class=\"event-da\">mi\u00e9rcoles<\/div>\r\n                        <\/div>\r\n                                            <\/div>\r\n                    <div class=\"col-md-6 col-sm-6\">\r\n                                                                        <h4 class=\"mec-event-title\"><a class=\"mec-color-hover\"  data-event-id=\"19033\" href=\"https:\/\/rafc.cat\/es\/eventos\/la-formacion-clinico-asistencial-del-farmaceutico-en-el-peru-lectura-del-discurs-dingres-del-lilltre-sr-dr-jose-roger-juarez-eyzaguirre-com-academic-corresponent-624-196-356-633-702-244-274-968-943-35\/\" target=\"_self\" rel=\"noopener\">La Sra. Dra. Fina Llad\u00f3s Canela ingresar\u00e1 como Acad\u00e9mica Correspondiente con la lectura del discurso: \u201cLA INNOVACI\u00d3 TERAP\u00c8UTICA EN ONCOLOGIA.\u00a0DEL DESCOBRIMENT CIENT\u00cdFIC A LA GOVERNAN\u00c7A DEL VALOR. COM ENS HEM DE PREPARAR PEL FUTUR?\u201d<\/a><span class=\"event-color\" style=\"background: #\"><\/span><\/h4>\r\n                                                <div class=\"mec-event-detail\">\r\n                            <div class=\"mec-event-loc-place\">Sin categorizar<\/div>\r\n                                                                                                            <\/div>\r\n                        <ul class=\"mec-event-sharing\"><\/ul>\r\n                    <\/div>\r\n                    <div class=\"col-md-4 col-sm-4 mec-btn-wrapper\">\r\n                                                <a class=\"mec-booking-button\"  data-event-id=\"19033\" href=\"https:\/\/rafc.cat\/es\/eventos\/la-formacion-clinico-asistencial-del-farmaceutico-en-el-peru-lectura-del-discurs-dingres-del-lilltre-sr-dr-jose-roger-juarez-eyzaguirre-com-academic-corresponent-624-196-356-633-702-244-274-968-943-35\/\" target=\"_self\" rel=\"noopener\">+ informaci\u00f3n<\/a>                                            <\/div>\r\n                            <\/article>\r\n            \t\t\r\n            \r\n                    <script type=\"application\/ld+json\">\r\n        {\r\n            \"@context\": \"http:\/\/schema.org\",\r\n            \"@type\": \"Event\",\r\n            \"eventStatus\": \"https:\/\/schema.org\/EventScheduled\",\r\n            \"startDate\": \"2026-09-21\",\r\n            \"endDate\": \"2026-09-21\",\r\n            \"eventAttendanceMode\": \"https:\/\/schema.org\/OfflineEventAttendanceMode\",\r\n            \"location\":\r\n            {\r\n                \"@type\": \"Place\",\r\n                                \"name\": \"Sin categorizar\",\r\n                \"image\": \"\",\r\n                \"address\": \"\"\r\n                            },\r\n            \"organizer\":\r\n            {\r\n                \"@type\": \"Person\",\r\n                \"name\": \"RAFC\",\r\n                \"url\": \"\"\r\n            },\r\n            \"offers\":\r\n            {\r\n                \"url\": \"https:\/\/rafc.cat\/es\/eventos\/la-formacion-clinico-asistencial-del-farmaceutico-en-el-peru-lectura-del-discurs-dingres-del-lilltre-sr-dr-jose-roger-juarez-eyzaguirre-com-academic-corresponent-624-196-356-633-702-244-274-968-943-14\/\",\r\n                \"price\": \"\",\r\n                \"priceCurrency\": \"\u20ac\",\r\n                \"availability\": \"https:\/\/schema.org\/InStock\",\r\n                \"validFrom\": \"2026-09-21T00:00\"\r\n            },\r\n            \"performer\": \"\",\r\n            \"description\": \"&lt;div class=&quot;relative basis-auto flex-col -mb-(--composer-overlap-px) [--composer-overlap-px:28px] grow flex&quot;&gt;  &lt;div class=&quot;flex flex-col text-sm pb-25&quot;&gt;&lt;article class=&quot;text-token-text-primary w-full focus:outline-none [--shadow-height:45px] has-data-writing-block:pointer-events-none has-data-writing-block:-mt-(--shadow-height) has-data-writing-block:pt-(--shadow-height) [&amp;:has([data-writing-block])&gt;*]:pointer-events-auto [content-visibility:auto] supports-[content-visibility:auto]:[contain-intrinsic-size:auto_100lvh] scroll-mt-[calc(var(--header-height)+min(200px,max(70px,20svh)))]&quot; dir=&quot;auto&quot; tabindex=&quot;-1&quot; data-turn-id=&quot;4362282a-05dc-4afb-b4ac-e91b78776176&quot; data-testid=&quot;conversation-turn-2&quot; data-scroll-anchor=&quot;true&quot; data-turn=&quot;assistant&quot;&gt;  &lt;div class=&quot;text-base my-auto mx-auto pb-10 [--thread-content-margin:--spacing(4)] @w-sm\/main:[--thread-content-margin:--spacing(6)] @w-lg\/main:[--thread-content-margin:--spacing(16)] px-(--thread-content-margin)&quot;&gt;  &lt;div class=&quot;[--thread-content-max-width:40rem] @w-lg\/main:[--thread-content-max-width:48rem] mx-auto max-w-(--thread-content-max-width) flex-1 group\/turn-messages focus-visible:outline-hidden relative flex w-full min-w-0 flex-col agent-turn&quot; tabindex=&quot;-1&quot;&gt;  &lt;div class=&quot;flex max-w-full flex-col grow&quot;&gt;  &lt;div class=&quot;min-h-8 text-message relative flex w-full flex-col items-end gap-2 text-start break-words whitespace-normal [.text-message+&amp;]:mt-1&quot; dir=&quot;auto&quot; data-message-author-role=&quot;assistant&quot; data-message-id=&quot;42b7bd02-bb2f-4db7-abdb-3f15219e767d&quot; data-message-model-slug=&quot;gpt-5-2&quot;&gt;  &lt;div class=&quot;flex w-full flex-col gap-1 empty:hidden first:pt-[1px]&quot;&gt;  &lt;div class=&quot;markdown prose dark:prose-invert w-full break-words light markdown-new-styling&quot;&gt;    La Reial Acad\u00e8mia de Farm\u00e0cia de Catalunya tiene el honor de invitarlo a la Sesi\u00f3n P\u00fablica Extraordinaria, que se celebrar\u00e1 de forma presencial y con transmisi\u00f3n telem\u00e1tica, el d\u00eda 21 de septiembre de 2026 a las 18:30, en el sal\u00f3n de actos de esta Real Corporaci\u00f3n, en el transcurso de la cual el Dr. Ferran Sabat\u00e9 Casellas, ingresar\u00e1 como Acad\u00e9mico Correspondiente, adscrito a la Secci\u00f3n Quinta (Historia, Legislaci\u00f3n y Deontolog\u00eda), con la    lectura del discurso:    \u201cELEMENTS TERAP\u00c8UTICS I NUTRICIONALS ESMENTATS EN LA LITERATURA B\u00cdBLICA\u201d  Lo presentar\u00e1, en nombre de la Academia, la Excma. Sra. Dra. Rosa Buhigas Card\u00f3.    &lt;b style=&quot;font-family: -apple-system, BlinkMacSystemFont, &#039;Segoe UI&#039;, Roboto, &#039;Helvetica Neue&#039;, Arial, &#039;Noto Sans&#039;, sans-serif, &#039;Apple Color Emoji&#039;, &#039;Segoe UI Emoji&#039;, &#039;Segoe UI Symbol&#039;, &#039;Noto Color Emoji&#039;;&quot;&gt;El enlace de zoom: &lt;a href=&quot;https:\/\/us06web.zoom.us\/j\/88226312981&quot;&gt;https:\/\/us06web.zoom.us\/j\/88226312981&lt;\/a&gt;&lt;\/b&gt;  &lt;p class=&quot;p2&quot;&gt;La sesi\u00f3n, tambi\u00e9n se podr\u00e1 seguir en directo por el YouTube de la p\u00e1gina web de la academia&lt;b&gt;: &lt;\/b&gt;&lt;strong style=&quot;font-family: -apple-system, BlinkMacSystemFont, &#039;Segoe UI&#039;, Roboto, &#039;Helvetica Neue&#039;, Arial, &#039;Noto Sans&#039;, sans-serif, &#039;Apple Color Emoji&#039;, &#039;Segoe UI Emoji&#039;, &#039;Segoe UI Symbol&#039;, &#039;Noto Color Emoji&#039;;&quot; data-start=&quot;1551&quot; data-end=&quot;1567&quot; data-is-last-node=&quot;&quot;&gt;&lt;a class=&quot;decorated-link&quot; href=&quot;http:\/\/www.rafc.cat&quot; target=&quot;_new&quot; rel=&quot;noopener&quot; data-start=&quot;1553&quot; data-end=&quot;1565&quot;&gt;www.rafc.cat&lt;\/a&gt;&lt;\/strong&gt;&lt;\/p&gt;    &lt;\/div&gt;  &lt;\/div&gt;  &lt;\/div&gt;  &lt;\/div&gt;  &lt;\/div&gt;  &lt;\/div&gt;  &lt;\/article&gt;&lt;\/div&gt;  &lt;\/div&gt;\",\r\n            \"image\": \"\",\r\n            \"name\": \"El Sr. Dr. Ferran Sabat\u00e9 Casellas ingresar\u00e1 como Acad\u00e9mico Correspondiente con la lectura del discurso: \u201cELEMENTS TERAP\u00c8UTICS I NUTRICIONALS ESMENTATS EN LA LITERATURA B\u00cdBLICA\u201d\",\r\n            \"url\": \"https:\/\/rafc.cat\/es\/eventos\/la-formacion-clinico-asistencial-del-farmaceutico-en-el-peru-lectura-del-discurs-dingres-del-lilltre-sr-dr-jose-roger-juarez-eyzaguirre-com-academic-corresponent-624-196-356-633-702-244-274-968-943-14\/\"\r\n        }\r\n        <\/script>\r\n                    <article class=\"mec-event-article mec-clear  mec-divider-toggle mec-toggle-202609-53\" itemscope>\r\n                                    <div class=\"col-md-2 col-sm-2\">\r\n\r\n                                                <div class=\"mec-event-date\">\r\n                            <div class=\"event-d mec-color\">21<\/div>\r\n                            <div class=\"event-f\">septiembre<\/div>\r\n                            <div class=\"event-da\">lunes<\/div>\r\n                        <\/div>\r\n                                            <\/div>\r\n                    <div class=\"col-md-6 col-sm-6\">\r\n                                                                        <h4 class=\"mec-event-title\"><a class=\"mec-color-hover\"  data-event-id=\"19034\" href=\"https:\/\/rafc.cat\/es\/eventos\/la-formacion-clinico-asistencial-del-farmaceutico-en-el-peru-lectura-del-discurs-dingres-del-lilltre-sr-dr-jose-roger-juarez-eyzaguirre-com-academic-corresponent-624-196-356-633-702-244-274-968-943-14\/\" target=\"_self\" rel=\"noopener\">El Sr. Dr. Ferran Sabat\u00e9 Casellas ingresar\u00e1 como Acad\u00e9mico Correspondiente con la lectura del discurso: \u201cELEMENTS TERAP\u00c8UTICS I NUTRICIONALS ESMENTATS EN LA LITERATURA B\u00cdBLICA\u201d<\/a><span class=\"event-color\" style=\"background: #\"><\/span><\/h4>\r\n                                                <div class=\"mec-event-detail\">\r\n                            <div class=\"mec-event-loc-place\">Sin categorizar<\/div>\r\n                                                                                                            <\/div>\r\n                        <ul class=\"mec-event-sharing\"><\/ul>\r\n                    <\/div>\r\n                    <div class=\"col-md-4 col-sm-4 mec-btn-wrapper\">\r\n                                                <a class=\"mec-booking-button\"  data-event-id=\"19034\" href=\"https:\/\/rafc.cat\/es\/eventos\/la-formacion-clinico-asistencial-del-farmaceutico-en-el-peru-lectura-del-discurs-dingres-del-lilltre-sr-dr-jose-roger-juarez-eyzaguirre-com-academic-corresponent-624-196-356-633-702-244-274-968-943-14\/\" target=\"_self\" rel=\"noopener\">+ informaci\u00f3n<\/a>                                            <\/div>\r\n                            <\/article>\r\n            \t\t\t<\/div>\r\n<\/div>\r\n\r\n    <\/div>\r\n    <div class=\"mec-skin-list-no-events-container mec-util-hidden\" id=\"mec_skin_no_events_53\">\r\n        \u00a1No hay eventos!    <\/div>\r\n        \r\n        \r\n<\/div><\/div>\n\t\t\t\t\t\t<\/div>\n\t\t\t\t<\/div>\n\t\t\t\t\t<\/div>\n\t\t<\/div>\n\t\t\t\t<div class=\"elementor-column elementor-col-50 elementor-top-column elementor-element elementor-element-fc16184\" data-id=\"fc16184\" data-element_type=\"column\" data-settings=\"{&quot;background_background&quot;:&quot;classic&quot;}\">\n\t\t\t<div class=\"elementor-widget-wrap elementor-element-populated\">\n\t\t\t\t\t\t<div class=\"elementor-element elementor-element-8b59816 elementor-widget elementor-widget-heading\" data-id=\"8b59816\" data-element_type=\"widget\" data-widget_type=\"heading.default\">\n\t\t\t\t<div class=\"elementor-widget-container\">\n\t\t\t\t\t<h2 class=\"elementor-heading-title elementor-size-default\">NOTICIAS<\/h2>\t\t\t\t<\/div>\n\t\t\t\t<\/div>\n\t\t\t\t<div class=\"elementor-element elementor-element-34af728 elementor-widget-divider--view-line elementor-widget elementor-widget-divider\" data-id=\"34af728\" data-element_type=\"widget\" data-widget_type=\"divider.default\">\n\t\t\t\t<div class=\"elementor-widget-container\">\n\t\t\t\t\t\t\t<div class=\"elementor-divider\">\n\t\t\t<span class=\"elementor-divider-separator\">\n\t\t\t\t\t\t<\/span>\n\t\t<\/div>\n\t\t\t\t\t\t<\/div>\n\t\t\t\t<\/div>\n\t\t\t\t<div class=\"elementor-element elementor-element-8a23746 elementor-grid-1 elementor-grid-tablet-1 elementor-grid-mobile-1 elementor-posts--thumbnail-top elementor-widget elementor-widget-posts\" data-id=\"8a23746\" data-element_type=\"widget\" data-settings=\"{&quot;classic_columns&quot;:&quot;1&quot;,&quot;classic_row_gap&quot;:{&quot;unit&quot;:&quot;px&quot;,&quot;size&quot;:24,&quot;sizes&quot;:[]},&quot;classic_columns_tablet&quot;:&quot;1&quot;,&quot;classic_columns_mobile&quot;:&quot;1&quot;,&quot;classic_row_gap_tablet&quot;:{&quot;unit&quot;:&quot;px&quot;,&quot;size&quot;:&quot;&quot;,&quot;sizes&quot;:[]},&quot;classic_row_gap_mobile&quot;:{&quot;unit&quot;:&quot;px&quot;,&quot;size&quot;:&quot;&quot;,&quot;sizes&quot;:[]}}\" data-widget_type=\"posts.classic\">\n\t\t\t\t<div class=\"elementor-widget-container\">\n\t\t\t\t\t\t\t<div class=\"elementor-posts-container elementor-posts elementor-posts--skin-classic elementor-grid\" role=\"list\">\n\t\t\t\t<article class=\"elementor-post elementor-grid-item post-18517 noticies type-noticies status-publish has-post-thumbnail hentry tipus_de_publicacions-lectura-discurso-ac-numerario\" role=\"listitem\">\n\t\t\t\t<a class=\"elementor-post__thumbnail__link\" href=\"https:\/\/rafc.cat\/es\/noticias\/sesion-extraordinaria-de-lectura-del-discurso-del-academico-numerario-dr-xavier-de-diego-navalon\/\" tabindex=\"-1\" >\n\t\t\t<div class=\"elementor-post__thumbnail\"><img fetchpriority=\"high\" decoding=\"async\" width=\"300\" height=\"225\" src=\"https:\/\/rafc.cat\/wp-content\/uploads\/2025\/06\/IMG_20250618_184021-300x225.webp\" class=\"attachment-medium size-medium wp-image-18518\" alt=\"\" srcset=\"https:\/\/rafc.cat\/wp-content\/uploads\/2025\/06\/IMG_20250618_184021-300x225.webp 300w, https:\/\/rafc.cat\/wp-content\/uploads\/2025\/06\/IMG_20250618_184021-1024x768.webp 1024w, https:\/\/rafc.cat\/wp-content\/uploads\/2025\/06\/IMG_20250618_184021-768x576.webp 768w, https:\/\/rafc.cat\/wp-content\/uploads\/2025\/06\/IMG_20250618_184021-1536x1152.webp 1536w, https:\/\/rafc.cat\/wp-content\/uploads\/2025\/06\/IMG_20250618_184021-scaled.webp 1920w\" sizes=\"(max-width: 300px) 100vw, 300px\" \/><\/div>\n\t\t<\/a>\n\t\t\t\t<div class=\"elementor-post__text\">\n\t\t\t\t<h3 class=\"elementor-post__title\">\n\t\t\t<a href=\"https:\/\/rafc.cat\/es\/noticias\/sesion-extraordinaria-de-lectura-del-discurso-del-academico-numerario-dr-xavier-de-diego-navalon\/\" >\n\t\t\t\tSesi\u00f3n Extraordinaria de Lectura del Discurso del Acad\u00e9mico Numerario Dr. Xavier de Diego Naval\u00f3n\t\t\t<\/a>\n\t\t<\/h3>\n\t\t\n\t\t<a class=\"elementor-post__read-more\" href=\"https:\/\/rafc.cat\/es\/noticias\/sesion-extraordinaria-de-lectura-del-discurso-del-academico-numerario-dr-xavier-de-diego-navalon\/\" aria-label=\"M\u00e1s informaci\u00f3n sobre Sesi\u00f3n Extraordinaria de Lectura del Discurso del Acad\u00e9mico Numerario Dr. Xavier de Diego Naval\u00f3n\" tabindex=\"-1\" >\n\t\t\tM\u00e1s informaci\u00f3n &gt;\t\t<\/a>\n\n\t\t\t\t<\/div>\n\t\t\t\t<\/article>\n\t\t\t\t<article class=\"elementor-post elementor-grid-item post-18502 noticies type-noticies status-publish has-post-thumbnail hentry tipus_de_publicacions-lectura-discurso-ac-numerario\" role=\"listitem\">\n\t\t\t\t<a class=\"elementor-post__thumbnail__link\" href=\"https:\/\/rafc.cat\/es\/noticias\/sesion-extraordinario-de-lectura-del-discurso-de-la-academica-numeraria-la-excma-sra-dra-pilar-gascon-lecha\/\" tabindex=\"-1\" >\n\t\t\t<div class=\"elementor-post__thumbnail\"><img decoding=\"async\" width=\"300\" height=\"225\" src=\"https:\/\/rafc.cat\/wp-content\/uploads\/2025\/06\/IMG_20250616_185155-300x225.webp\" class=\"attachment-medium size-medium wp-image-18504\" alt=\"\" srcset=\"https:\/\/rafc.cat\/wp-content\/uploads\/2025\/06\/IMG_20250616_185155-300x225.webp 300w, https:\/\/rafc.cat\/wp-content\/uploads\/2025\/06\/IMG_20250616_185155-1024x768.webp 1024w, https:\/\/rafc.cat\/wp-content\/uploads\/2025\/06\/IMG_20250616_185155-768x576.webp 768w, https:\/\/rafc.cat\/wp-content\/uploads\/2025\/06\/IMG_20250616_185155-1536x1152.webp 1536w, https:\/\/rafc.cat\/wp-content\/uploads\/2025\/06\/IMG_20250616_185155-scaled.webp 1920w\" sizes=\"(max-width: 300px) 100vw, 300px\" \/><\/div>\n\t\t<\/a>\n\t\t\t\t<div class=\"elementor-post__text\">\n\t\t\t\t<h3 class=\"elementor-post__title\">\n\t\t\t<a href=\"https:\/\/rafc.cat\/es\/noticias\/sesion-extraordinario-de-lectura-del-discurso-de-la-academica-numeraria-la-excma-sra-dra-pilar-gascon-lecha\/\" >\n\t\t\t\tSesi\u00f3n Extraordinario de Lectura del Discurso de la Acad\u00e9mica Numerar\u00eda la Excma. Sra. Dra. Pilar Gasc\u00f3n Lecha\t\t\t<\/a>\n\t\t<\/h3>\n\t\t\n\t\t<a class=\"elementor-post__read-more\" href=\"https:\/\/rafc.cat\/es\/noticias\/sesion-extraordinario-de-lectura-del-discurso-de-la-academica-numeraria-la-excma-sra-dra-pilar-gascon-lecha\/\" aria-label=\"M\u00e1s informaci\u00f3n sobre Sesi\u00f3n Extraordinario de Lectura del Discurso de la Acad\u00e9mica Numerar\u00eda la Excma. Sra. Dra. Pilar Gasc\u00f3n Lecha\" tabindex=\"-1\" >\n\t\t\tM\u00e1s informaci\u00f3n &gt;\t\t<\/a>\n\n\t\t\t\t<\/div>\n\t\t\t\t<\/article>\n\t\t\t\t<article class=\"elementor-post elementor-grid-item post-18491 noticies type-noticies status-publish has-post-thumbnail hentry tipus_de_publicacions-lectura-discurso-ac-correspondiente\" role=\"listitem\">\n\t\t\t\t<a class=\"elementor-post__thumbnail__link\" href=\"https:\/\/rafc.cat\/es\/noticias\/sesion-extraordinaria-de-lectura-del-discurso-del-academico-correspondiendo-el-ilustre-sr-dr-joaquim-suner-carbo\/\" tabindex=\"-1\" >\n\t\t\t<div class=\"elementor-post__thumbnail\"><img decoding=\"async\" width=\"300\" height=\"225\" src=\"https:\/\/rafc.cat\/wp-content\/uploads\/2025\/06\/IMG_20250604_184606-300x225.webp\" class=\"attachment-medium size-medium wp-image-18496\" alt=\"\" srcset=\"https:\/\/rafc.cat\/wp-content\/uploads\/2025\/06\/IMG_20250604_184606-300x225.webp 300w, https:\/\/rafc.cat\/wp-content\/uploads\/2025\/06\/IMG_20250604_184606-1024x768.webp 1024w, https:\/\/rafc.cat\/wp-content\/uploads\/2025\/06\/IMG_20250604_184606-768x576.webp 768w, https:\/\/rafc.cat\/wp-content\/uploads\/2025\/06\/IMG_20250604_184606-1536x1152.webp 1536w, https:\/\/rafc.cat\/wp-content\/uploads\/2025\/06\/IMG_20250604_184606-scaled.webp 1920w\" sizes=\"(max-width: 300px) 100vw, 300px\" \/><\/div>\n\t\t<\/a>\n\t\t\t\t<div class=\"elementor-post__text\">\n\t\t\t\t<h3 class=\"elementor-post__title\">\n\t\t\t<a href=\"https:\/\/rafc.cat\/es\/noticias\/sesion-extraordinaria-de-lectura-del-discurso-del-academico-correspondiendo-el-ilustre-sr-dr-joaquim-suner-carbo\/\" >\n\t\t\t\tSesi\u00f3n Extraordinaria de Lectura del Discurso del Acad\u00e9mico correspondiendo el Ilustre Sr. Dr. Joaquim Su\u00f1er Carb\u00f3\t\t\t<\/a>\n\t\t<\/h3>\n\t\t\n\t\t<a class=\"elementor-post__read-more\" href=\"https:\/\/rafc.cat\/es\/noticias\/sesion-extraordinaria-de-lectura-del-discurso-del-academico-correspondiendo-el-ilustre-sr-dr-joaquim-suner-carbo\/\" aria-label=\"M\u00e1s informaci\u00f3n sobre Sesi\u00f3n Extraordinaria de Lectura del Discurso del Acad\u00e9mico correspondiendo el Ilustre Sr. Dr. Joaquim Su\u00f1er Carb\u00f3\" tabindex=\"-1\" >\n\t\t\tM\u00e1s informaci\u00f3n &gt;\t\t<\/a>\n\n\t\t\t\t<\/div>\n\t\t\t\t<\/article>\n\t\t\t\t<\/div>\n\t\t\n\t\t\t\t\t\t<\/div>\n\t\t\t\t<\/div>\n\t\t\t\t\t<\/div>\n\t\t<\/div>\n\t\t\t\t\t<\/div>\n\t\t<\/section>\n\t\t\t\t<\/div>\n\t\t","protected":false},"excerpt":{"rendered":"<p>Agenda Actos NOTICIAS<\/p>\n","protected":false},"author":1,"featured_media":0,"parent":0,"menu_order":0,"comment_status":"closed","ping_status":"closed","template":"","meta":{"_acf_changed":false,"footnotes":""},"class_list":["post-8628","page","type-page","status-publish","hentry"],"acf":[],"_links":{"self":[{"href":"https:\/\/rafc.cat\/es\/wp-json\/wp\/v2\/pages\/8628","targetHints":{"allow":["GET"]}}],"collection":[{"href":"https:\/\/rafc.cat\/es\/wp-json\/wp\/v2\/pages"}],"about":[{"href":"https:\/\/rafc.cat\/es\/wp-json\/wp\/v2\/types\/page"}],"author":[{"embeddable":true,"href":"https:\/\/rafc.cat\/es\/wp-json\/wp\/v2\/users\/1"}],"replies":[{"embeddable":true,"href":"https:\/\/rafc.cat\/es\/wp-json\/wp\/v2\/comments?post=8628"}],"version-history":[{"count":3,"href":"https:\/\/rafc.cat\/es\/wp-json\/wp\/v2\/pages\/8628\/revisions"}],"predecessor-version":[{"id":10876,"href":"https:\/\/rafc.cat\/es\/wp-json\/wp\/v2\/pages\/8628\/revisions\/10876"}],"wp:attachment":[{"href":"https:\/\/rafc.cat\/es\/wp-json\/wp\/v2\/media?parent=8628"}],"curies":[{"name":"wp","href":"https:\/\/api.w.org\/{rel}","templated":true}]}}